{"id":547685,"date":"2021-04-13T04:53:06","date_gmt":"2021-04-13T04:53:06","guid":{"rendered":"http:\/\/nexefundacio.org.mialias.net\/fundacion\/quienes-somos\/"},"modified":"2026-04-15T17:48:52","modified_gmt":"2026-04-15T17:48:52","slug":"quienes-somos","status":"publish","type":"page","link":"https:\/\/nexefundacio.org\/es\/fundacion\/quienes-somos\/","title":{"rendered":"Qui\u00e9nes somos"},"content":{"rendered":"\t\t<div data-elementor-type=\"wp-page\" data-elementor-id=\"547685\" class=\"elementor elementor-547685 elementor-14\" data-elementor-post-type=\"page\">\n\t\t\t\t\t\t<section class=\"elementor-section elementor-top-section elementor-element elementor-element-627ae6e elementor-section-boxed elementor-section-height-default elementor-section-height-default\" data-id=\"627ae6e\" data-element_type=\"section\" data-e-type=\"section\">\n\t\t\t\t\t\t<div class=\"elementor-container elementor-column-gap-default\">\n\t\t\t\t\t<div class=\"elementor-column elementor-col-100 elementor-top-column elementor-element elementor-element-66e14354\" data-id=\"66e14354\" data-element_type=\"column\" data-e-type=\"column\">\n\t\t\t<div class=\"elementor-widget-wrap elementor-element-populated\">\n\t\t\t\t\t\t<div class=\"elementor-element elementor-element-4095b061 elementor-widget elementor-widget-text-editor\" data-id=\"4095b061\" data-element_type=\"widget\" data-e-type=\"widget\" data-widget_type=\"text-editor.default\">\n\t\t\t\t<div class=\"elementor-widget-container\">\n\t\t\t\t\t\t\t\t\t<p>Qui\u00e9nes somos<br \/><a role=\"button\" href=\"#huma\"><br \/>Equipo humano<br \/><\/a><br \/><a role=\"button\" href=\"#patronat\"><br \/>Patronato<br \/><\/a><br \/><a role=\"button\" href=\"#tecnic\"><br \/>Equipo t\u00e9cnico<br \/><\/a><\/p><p><strong>Nexe Fundaci\u00f3n es una entidad que trabaja desde hace 40 a\u00f1os con la voluntad de mejorar la calidad\u00a0de vida de los ni\u00f1os y ni\u00f1as con pluridiscapacidad y sus\u00a0familias y defender sus derechos.<\/strong><\/p><p>A lo largo de nuestra trayectoria, hemos creado una red de servicios innovadores y pioneros &#8211; reconocidos en el \u00e1mbito estatal y europeo &#8211; para dar respuesta a las <strong>necesidades de los ni\u00f1os y ni\u00f1as, favoreciendo su autonom\u00eda y socializaci\u00f3n<\/strong>. A la vez, ofrecemos <strong>acompa\u00f1amiento profesional a las familias<\/strong>, para fomentar que puedan <strong>conciliar la crianza<\/strong> de sus hijos e hijas con graves discapacidades con otras los proyectos laborales, personales y familiares.<\/p><p>Asimismo, <strong>compartimos nuestro expertise, formando <\/strong>a otros <strong>profesionales, desarrollando proyectos de investigaci\u00f3n y sensibilizando la sociedad.<\/strong><\/p><h2>EL Equip humANO:<br \/>GoBIERNO Y organizaci\u00f3N<\/h2><p>El equipo humano de Nexe est\u00e1 formado por el Patronato, los profesionales, las personas voluntarias y el alumnado en pr\u00e1cticas. La calidad humana y profesional de todo el equipo se pone<strong> al servicio de los ni\u00f1os, ni\u00f1as y j\u00f3venes con pluridiscapacidad y sus familias<\/strong> con el fin de mejorar su calidad de vida.<\/p><h2>Patronato<\/h2><p><img fetchpriority=\"high\" decoding=\"async\" class=\"alignnone\" src=\"https:\/\/nexefundacio.org\/wp-content\/uploads\/2022\/12\/PATRONS-2022-1.png\" alt=\"\" width=\"501\" height=\"282\" \/><\/p><p>El Patronato es el \u00f3rgano de gobierno de la fundaci\u00f3n, que lo administra y la representa, de acuerdo con la ley y sus estatutos. Est\u00e1 compuesto por las familias, profesionales provenientes del \u00e1mbito de la administraci\u00f3n p\u00fablica, el mundo empresarial y otras entidades sociales. Se renueva cada 5 a\u00f1os.<\/p><p><b>Presidenta:\u00a0<\/b>C\u00e9cile de Visscher<\/p><p><b>Vicepresidenta:\u00a0<\/b>Sonia Corpas<\/p><p><b>Secretaria: <\/b>L\u00e9a Dimant\u00a0<\/p><p><b>Tresorero<\/b>: Pablo Garriga<\/p><p><b>Vocal<\/b>: Albert Fillol\u00a0<\/p><p><strong>Vocal:<\/strong> M. Teresa Lloret<\/p><p><b>Vocal<\/b>: Marc Saurina\u00a0<\/p><p><b>Vocal<\/b>: Montse Viladot\u00a0<\/p><p><strong>Patrono de <\/strong><strong>Honor<\/strong>: M\u00e0rius Serra i Roig<\/p><p><strong>Patrono de Honor<\/strong>: Mart\u00edn Feo de Celis<\/p><p><a role=\"button\" href=\"mailto:patronat@nexefundacio.org\">Contacta con el Patronato<br \/><\/a><\/p><h2><strong>EQUIPo T\u00e9cnico<\/strong><\/h2><p>El equipo t\u00e9cnico de la fundaci\u00f3n est\u00e1 <strong>formado por profesionales y personas voluntarias<\/strong> que trabajamos y compartimos un <strong>mismo objetivo: ofrecer los recursos adecuados a la infancia con pluridiscapacidad, velando por sus derechos<\/strong> a la salud, el ocio y la educaci\u00f3n en igualdad de oportunidades, a la vez que defendiendo el derecho de sus familias a tener una vida digna y permitir la conciliaci\u00f3n de su vida personal y familiar, con la crianza de sus hijos e hijas.<\/p><h3 style=\"font-family: Montserrat, sans-serif; color: #5b5b5a;\"><b>DIRECCI\u00d3N GENERAL<\/b><\/h3><p style=\"font-size: 16px;\">Sonia Corpas\u00a0(<a href=\"mailto:soniacorpas@nexefundacio.org\" target=\"_blank\" rel=\"noopener\">soniacorpas@nexefundacio.org<\/a>)<\/p><h3 style=\"font-family: Montserrat, sans-serif; color: #5b5b5a;\"><b>DIRECCI\u00d3N ADMINISTRATIVA Y FINANCIERA<\/b><\/h3><p style=\"font-size: 16px;\">Anna Prat\u00a0(<a href=\"mailto:annaprat@nexefundacio.org\">annaprat@nexefundacio.org<\/a>)<\/p><h6><strong style=\"color: inherit; font-family: inherit; font-size: 1.75rem;\">SERVICIOS GENERALES<\/strong><\/h6><h3>\u00c1rea de proyectos:<\/h3><p><strong>Responsable de proyectos<\/strong>: Ester Casas (<a href=\"mailto:comunicacio@nexefundacio.org\" target=\"_blank\" rel=\"noopener\">estercasas@nexefundacio.org<\/a>)<\/p><h3>Relaciones Externas, Alianzas y Sensibilizaci\u00f3n:<\/h3><p><strong>Responsable de Desarrollo de Recursos<\/strong>: Franz Brandner (<a href=\"mailto:franzbrandner@nexefundacio.org\" target=\"_blank\" rel=\"noopener\">franzbrandner@nexefundacio.org<\/a>)<\/p><p><strong>Responsable de Comunicaci\u00f3n<\/strong>: Anna P\u00e9rez (<a href=\"mailto:annaperez@nexefundacio.org\">annaperez@nexefundacio.org<\/a>)<\/p><p><b>Responsable de Sensibilizaci\u00f3n:<\/b> Vanessa Garcia (<a href=\"mailto:sensibilitzacio@nexefundacio.org\" target=\"_blank\" rel=\"noopener\">sensibilitzacio@nexefundacio.org<\/a>)<\/p><h3>Atenci\u00f3n sociosanitaria:<\/h3><p><strong>Responsable<\/strong>: Mar Mart\u00ednez (<a href=\"mailto:marmartinez@nexefundacio.org\" target=\"_blank\" rel=\"noopener\">marmartinez@nexefundacio.org<\/a>)<\/p><h3>Formaci\u00f3n e Investigaci\u00f3n:<\/h3><p><b>Responsable:<\/b> Sergi Nogu\u00e9s (<a href=\"mailto:serginogues@nexefundacio.org\" target=\"_blank\" rel=\"noopener\">serginogues@nexefundacio.org<\/a>)<\/p><h3><strong>ATENCI\u00d3N A LA INFANCIA<\/strong><\/h3><h3>Centro de Educaci\u00f3n Especial \u00abLes Girafes Blaves\u00bb<\/h3><p><strong>Directora<\/strong>: Sara Torrents\u00a0(<a href=\"mailto:saratorrents@nexefundacio.org\" target=\"_blank\" rel=\"noopener\">saratorrents@nexefundacio.org<\/a>)<\/p><h3>Centro de Atenci\u00f3n Especializada<\/h3><p><strong>Director<\/strong>: Jordi Ventura (<a href=\"mailto:jordiventura@nexefundacio.org\" target=\"_blank\" rel=\"noopener\">jordiventura@nexefundacio.org<\/a>)<\/p><h3>Aula de Atenci\u00f3n Especializada del Baix Llobregat<\/h3><p><strong>Coordinadora<\/strong>: Mireia Olarte (<a href=\"mailto:mireiaolarte@nexefundacio.org\" target=\"_blank\" rel=\"noopener\">mireiaolarte@nexefundacio.org<\/a>)<\/p><h3>Unidad Infantil de Educaci\u00f3n Inclusiva de Barcelona<\/h3><p><strong>Coordinadora<\/strong>:\u00a0Sara Torrents\u00a0(<a style=\"background-color: #ffffff;\" href=\"mailto:saratorrents@nexefundacio.org\" target=\"_blank\" rel=\"noopener\">saratorrents@nexefundacio.org<\/a>)<\/p><h3><strong>ATENCI\u00d3N A LAS FAMILIAS<\/strong><\/h3><h6><strong>Responsable<\/strong>: Marta d\u2019Oss\u00f3 (<a href=\"http:\/\/martadeosso@nexefundacio.org\/\">martadeosso@nexefundacio.org<\/a>)<\/h6><h3><strong>RESPIRO Y OCIO<\/strong><\/h3><h6><strong>Responsable<\/strong>: Priscila Igea (<a href=\"mailto:priscilaigea@nexefundacio.org\" target=\"_blank\" rel=\"noopener\">priscilaigea@nexefundacio.org<\/a>)<\/h6><h3><b>VOLUNTARIADO<\/b><\/h3><h6><strong>Responsable<\/strong>: Maria Mestre (<a href=\"mailto:mariamestre@nexefundacio.org\">mariamestre@nexefundacio.org<\/a>)<\/h6>\t\t\t\t\t\t\t\t<\/div>\n\t\t\t\t<\/div>\n\t\t\t\t\t<\/div>\n\t\t<\/div>\n\t\t\t\t\t<\/div>\n\t\t<\/section>\n\t\t\t\t<\/div>\n\t\t","protected":false},"excerpt":{"rendered":"<p>Qui\u00e9nes somosEquipo humanoPatronatoEquipo t\u00e9cnico Nexe Fundaci\u00f3n es una entidad que trabaja desde hace 40 a\u00f1os con la voluntad de mejorar la calidad\u00a0de vida de los ni\u00f1os y ni\u00f1as con pluridiscapacidad y sus\u00a0familias y defender sus derechos. A lo largo de nuestra trayectoria, hemos creado una red de servicios innovadores y pioneros &#8211; reconocidos en el [&hellip;]<\/p>\n","protected":false},"author":5,"featured_media":0,"parent":547683,"menu_order":1,"comment_status":"closed","ping_status":"closed","template":"","meta":{"footnotes":""},"class_list":["post-547685","page","type-page","status-publish","hentry"],"yoast_head":"<!-- This site is optimized with the Yoast SEO plugin v26.1.1 - https:\/\/yoast.com\/wordpress\/plugins\/seo\/ -->\n<title>Qui\u00e9nes somos - Nexe Fundaci\u00f3<\/title>\n<meta name=\"description\" content=\"El equipo humano de Nexe est\u00e1 formado por el Patronato, los profesionales, las personas voluntarias y el alumnado en pr\u00e1cticas.\" \/>\n<meta name=\"robots\" content=\"index, follow, max-snippet:-1, max-image-preview:large, max-video-preview:-1\" \/>\n<link rel=\"canonical\" href=\"https:\/\/nexefundacio.org\/sobre-nexe\/qui-som\/\" \/>\n<meta property=\"og:locale\" content=\"es_ES\" \/>\n<meta property=\"og:type\" content=\"article\" \/>\n<meta property=\"og:title\" content=\"Qui\u00e9nes somos - Nexe Fundaci\u00f3\" \/>\n<meta property=\"og:description\" content=\"El equipo humano de Nexe est\u00e1 formado por el Patronato, los profesionales, las personas voluntarias y el alumnado en pr\u00e1cticas.\" \/>\n<meta property=\"og:url\" content=\"https:\/\/nexefundacio.org\/sobre-nexe\/qui-som\/\" \/>\n<meta property=\"og:site_name\" content=\"Nexe Fundaci\u00f3\" \/>\n<meta property=\"article:publisher\" content=\"https:\/\/www.facebook.com\/NexeFundacioPrivada\/\" \/>\n<meta property=\"article:modified_time\" content=\"2026-04-15T17:48:52+00:00\" \/>\n<meta property=\"og:image\" content=\"https:\/\/nexefundacio.org\/wp-content\/uploads\/2022\/12\/PATRONS-2022-1.png\" \/>\n<meta name=\"twitter:card\" content=\"summary_large_image\" \/>\n<meta name=\"twitter:site\" content=\"@nexefundacio\" \/>\n<meta name=\"twitter:label1\" content=\"Tiempo de lectura\" \/>\n\t<meta name=\"twitter:data1\" content=\"2 minutos\" \/>\n<script type=\"application\/ld+json\" class=\"yoast-schema-graph\">{\"@context\":\"https:\/\/schema.org\",\"@graph\":[{\"@type\":\"WebPage\",\"@id\":\"https:\/\/nexefundacio.org\/sobre-nexe\/qui-som\/\",\"url\":\"https:\/\/nexefundacio.org\/sobre-nexe\/qui-som\/\",\"name\":\"Qui\u00e9nes somos - Nexe Fundaci\u00f3\",\"isPartOf\":{\"@id\":\"https:\/\/nexefundacio.org\/#website\"},\"primaryImageOfPage\":{\"@id\":\"https:\/\/nexefundacio.org\/sobre-nexe\/qui-som\/#primaryimage\"},\"image\":{\"@id\":\"https:\/\/nexefundacio.org\/sobre-nexe\/qui-som\/#primaryimage\"},\"thumbnailUrl\":\"https:\/\/nexefundacio.org\/wp-content\/uploads\/2022\/12\/PATRONS-2022-1.png\",\"datePublished\":\"2021-04-13T04:53:06+00:00\",\"dateModified\":\"2026-04-15T17:48:52+00:00\",\"description\":\"El equipo humano de Nexe est\u00e1 formado por el Patronato, los profesionales, las personas voluntarias y el alumnado en pr\u00e1cticas.\",\"breadcrumb\":{\"@id\":\"https:\/\/nexefundacio.org\/sobre-nexe\/qui-som\/#breadcrumb\"},\"inLanguage\":\"es\",\"potentialAction\":[{\"@type\":\"ReadAction\",\"target\":[\"https:\/\/nexefundacio.org\/sobre-nexe\/qui-som\/\"]}]},{\"@type\":\"ImageObject\",\"inLanguage\":\"es\",\"@id\":\"https:\/\/nexefundacio.org\/sobre-nexe\/qui-som\/#primaryimage\",\"url\":\"https:\/\/nexefundacio.org\/wp-content\/uploads\/2022\/12\/PATRONS-2022-1.png\",\"contentUrl\":\"https:\/\/nexefundacio.org\/wp-content\/uploads\/2022\/12\/PATRONS-2022-1.png\"},{\"@type\":\"BreadcrumbList\",\"@id\":\"https:\/\/nexefundacio.org\/sobre-nexe\/qui-som\/#breadcrumb\",\"itemListElement\":[{\"@type\":\"ListItem\",\"position\":1,\"name\":\"Inici\",\"item\":\"https:\/\/nexefundacio.org\/es\/\"},{\"@type\":\"ListItem\",\"position\":2,\"name\":\"Fundaci\u00f3n\",\"item\":\"https:\/\/nexefundacio.org\/es\/fundacion\/\"},{\"@type\":\"ListItem\",\"position\":3,\"name\":\"Qui\u00e9nes somos\"}]},{\"@type\":\"WebSite\",\"@id\":\"https:\/\/nexefundacio.org\/#website\",\"url\":\"https:\/\/nexefundacio.org\/\",\"name\":\"Nexe Fundaci\u00f3\",\"description\":\"Acompa\u00f1amos la infancia con pluridiscapacidad\",\"publisher\":{\"@id\":\"https:\/\/nexefundacio.org\/#organization\"},\"potentialAction\":[{\"@type\":\"SearchAction\",\"target\":{\"@type\":\"EntryPoint\",\"urlTemplate\":\"https:\/\/nexefundacio.org\/?s={search_term_string}\"},\"query-input\":{\"@type\":\"PropertyValueSpecification\",\"valueRequired\":true,\"valueName\":\"search_term_string\"}}],\"inLanguage\":\"es\"},{\"@type\":\"Organization\",\"@id\":\"https:\/\/nexefundacio.org\/#organization\",\"name\":\"Nexe Fundaci\u00f3\",\"url\":\"https:\/\/nexefundacio.org\/\",\"logo\":{\"@type\":\"ImageObject\",\"inLanguage\":\"es\",\"@id\":\"https:\/\/nexefundacio.org\/#\/schema\/logo\/image\/\",\"url\":\"https:\/\/nexefundacio.org\/wp-content\/uploads\/2021\/05\/Nexe-Fundacio.png\",\"contentUrl\":\"https:\/\/nexefundacio.org\/wp-content\/uploads\/2021\/05\/Nexe-Fundacio.png\",\"width\":300,\"height\":126,\"caption\":\"Nexe Fundaci\u00f3\"},\"image\":{\"@id\":\"https:\/\/nexefundacio.org\/#\/schema\/logo\/image\/\"},\"sameAs\":[\"https:\/\/www.facebook.com\/NexeFundacioPrivada\/\",\"https:\/\/x.com\/nexefundacio\",\"https:\/\/www.instagram.com\/nexefundacio\/\",\"https:\/\/www.linkedin.com\/company\/nexe-fundacio\/\",\"https:\/\/www.youtube.com\/user\/MoutePelsQuiets\"]}]}<\/script>\n<!-- \/ Yoast SEO plugin. -->","yoast_head_json":{"title":"Qui\u00e9nes somos - Nexe Fundaci\u00f3","description":"El equipo humano de Nexe est\u00e1 formado por el Patronato, los profesionales, las personas voluntarias y el alumnado en pr\u00e1cticas.","robots":{"index":"index","follow":"follow","max-snippet":"max-snippet:-1","max-image-preview":"max-image-preview:large","max-video-preview":"max-video-preview:-1"},"canonical":"https:\/\/nexefundacio.org\/sobre-nexe\/qui-som\/","og_locale":"es_ES","og_type":"article","og_title":"Qui\u00e9nes somos - Nexe Fundaci\u00f3","og_description":"El equipo humano de Nexe est\u00e1 formado por el Patronato, los profesionales, las personas voluntarias y el alumnado en pr\u00e1cticas.","og_url":"https:\/\/nexefundacio.org\/sobre-nexe\/qui-som\/","og_site_name":"Nexe Fundaci\u00f3","article_publisher":"https:\/\/www.facebook.com\/NexeFundacioPrivada\/","article_modified_time":"2026-04-15T17:48:52+00:00","og_image":[{"url":"https:\/\/nexefundacio.org\/wp-content\/uploads\/2022\/12\/PATRONS-2022-1.png","type":"","width":"","height":""}],"twitter_card":"summary_large_image","twitter_site":"@nexefundacio","twitter_misc":{"Tiempo de lectura":"2 minutos"},"schema":{"@context":"https:\/\/schema.org","@graph":[{"@type":"WebPage","@id":"https:\/\/nexefundacio.org\/sobre-nexe\/qui-som\/","url":"https:\/\/nexefundacio.org\/sobre-nexe\/qui-som\/","name":"Qui\u00e9nes somos - Nexe Fundaci\u00f3","isPartOf":{"@id":"https:\/\/nexefundacio.org\/#website"},"primaryImageOfPage":{"@id":"https:\/\/nexefundacio.org\/sobre-nexe\/qui-som\/#primaryimage"},"image":{"@id":"https:\/\/nexefundacio.org\/sobre-nexe\/qui-som\/#primaryimage"},"thumbnailUrl":"https:\/\/nexefundacio.org\/wp-content\/uploads\/2022\/12\/PATRONS-2022-1.png","datePublished":"2021-04-13T04:53:06+00:00","dateModified":"2026-04-15T17:48:52+00:00","description":"El equipo humano de Nexe est\u00e1 formado por el Patronato, los profesionales, las personas voluntarias y el alumnado en pr\u00e1cticas.","breadcrumb":{"@id":"https:\/\/nexefundacio.org\/sobre-nexe\/qui-som\/#breadcrumb"},"inLanguage":"es","potentialAction":[{"@type":"ReadAction","target":["https:\/\/nexefundacio.org\/sobre-nexe\/qui-som\/"]}]},{"@type":"ImageObject","inLanguage":"es","@id":"https:\/\/nexefundacio.org\/sobre-nexe\/qui-som\/#primaryimage","url":"https:\/\/nexefundacio.org\/wp-content\/uploads\/2022\/12\/PATRONS-2022-1.png","contentUrl":"https:\/\/nexefundacio.org\/wp-content\/uploads\/2022\/12\/PATRONS-2022-1.png"},{"@type":"BreadcrumbList","@id":"https:\/\/nexefundacio.org\/sobre-nexe\/qui-som\/#breadcrumb","itemListElement":[{"@type":"ListItem","position":1,"name":"Inici","item":"https:\/\/nexefundacio.org\/es\/"},{"@type":"ListItem","position":2,"name":"Fundaci\u00f3n","item":"https:\/\/nexefundacio.org\/es\/fundacion\/"},{"@type":"ListItem","position":3,"name":"Qui\u00e9nes somos"}]},{"@type":"WebSite","@id":"https:\/\/nexefundacio.org\/#website","url":"https:\/\/nexefundacio.org\/","name":"Nexe Fundaci\u00f3","description":"Acompa\u00f1amos la infancia con pluridiscapacidad","publisher":{"@id":"https:\/\/nexefundacio.org\/#organization"},"potentialAction":[{"@type":"SearchAction","target":{"@type":"EntryPoint","urlTemplate":"https:\/\/nexefundacio.org\/?s={search_term_string}"},"query-input":{"@type":"PropertyValueSpecification","valueRequired":true,"valueName":"search_term_string"}}],"inLanguage":"es"},{"@type":"Organization","@id":"https:\/\/nexefundacio.org\/#organization","name":"Nexe Fundaci\u00f3","url":"https:\/\/nexefundacio.org\/","logo":{"@type":"ImageObject","inLanguage":"es","@id":"https:\/\/nexefundacio.org\/#\/schema\/logo\/image\/","url":"https:\/\/nexefundacio.org\/wp-content\/uploads\/2021\/05\/Nexe-Fundacio.png","contentUrl":"https:\/\/nexefundacio.org\/wp-content\/uploads\/2021\/05\/Nexe-Fundacio.png","width":300,"height":126,"caption":"Nexe Fundaci\u00f3"},"image":{"@id":"https:\/\/nexefundacio.org\/#\/schema\/logo\/image\/"},"sameAs":["https:\/\/www.facebook.com\/NexeFundacioPrivada\/","https:\/\/x.com\/nexefundacio","https:\/\/www.instagram.com\/nexefundacio\/","https:\/\/www.linkedin.com\/company\/nexe-fundacio\/","https:\/\/www.youtube.com\/user\/MoutePelsQuiets"]}]}},"_links":{"self":[{"href":"https:\/\/nexefundacio.org\/es\/wp-json\/wp\/v2\/pages\/547685","targetHints":{"allow":["GET"]}}],"collection":[{"href":"https:\/\/nexefundacio.org\/es\/wp-json\/wp\/v2\/pages"}],"about":[{"href":"https:\/\/nexefundacio.org\/es\/wp-json\/wp\/v2\/types\/page"}],"author":[{"embeddable":true,"href":"https:\/\/nexefundacio.org\/es\/wp-json\/wp\/v2\/users\/5"}],"replies":[{"embeddable":true,"href":"https:\/\/nexefundacio.org\/es\/wp-json\/wp\/v2\/comments?post=547685"}],"version-history":[{"count":55,"href":"https:\/\/nexefundacio.org\/es\/wp-json\/wp\/v2\/pages\/547685\/revisions"}],"predecessor-version":[{"id":553876,"href":"https:\/\/nexefundacio.org\/es\/wp-json\/wp\/v2\/pages\/547685\/revisions\/553876"}],"up":[{"embeddable":true,"href":"https:\/\/nexefundacio.org\/es\/wp-json\/wp\/v2\/pages\/547683"}],"wp:attachment":[{"href":"https:\/\/nexefundacio.org\/es\/wp-json\/wp\/v2\/media?parent=547685"}],"curies":[{"name":"wp","href":"https:\/\/api.w.org\/{rel}","templated":true}]}}